{"id":873,"date":"2021-10-06T10:43:18","date_gmt":"2021-10-06T08:43:18","guid":{"rendered":"http:\/\/chateaudemontolivet.com\/?post_type=product&#038;p=873"},"modified":"2021-12-15T09:30:16","modified_gmt":"2021-12-15T08:30:16","slug":"vins-du-bugey-yves-duportchardonnay-bio-les-cotes-blanc-aop","status":"publish","type":"product","link":"https:\/\/chateaudemontolivet.com\/index.php\/produit\/vins-du-bugey-yves-duportchardonnay-bio-les-cotes-blanc-aop\/","title":{"rendered":"VINS DU BUGEY &#8211; YVES DUPORT CHARDONNAY  BIO \u00ab LES COTES \u00bb BLANC AOP 2018"},"content":{"rendered":"<div id=\"short_description_content\" class=\"rte align_justify\">\n<div id=\"comp-k9ppatih\" class=\"_1Q9if\" data-testid=\"richTextElement\">\n<p class=\"font_7\"><strong>C\u00e9pages<\/strong><\/p>\n<\/div>\n<div id=\"comp-k9ppatil\" class=\"_1Q9if\" data-testid=\"richTextElement\">\n<p class=\"font_7\">100% Chardonnay<\/p>\n<\/div>\n<div id=\"comp-k9ppatin\" class=\"_1Q9if\" data-testid=\"richTextElement\">\n<p class=\"font_7\"><strong>Note de d\u00e9gustation<\/strong><\/p>\n<\/div>\n<div id=\"comp-k9ppatip\" class=\"_1Q9if\" data-testid=\"richTextElement\">\n<p class=\"font_7\">Reflets Or jaune, son nez complexe d\u00e9voile des saveurs d&rsquo;agrumes, de fruits \u00e0 chair blanche et des notes min\u00e9rales discr\u00e8tes sont les pr\u00e9ludes d&rsquo;une bouche intense, longue et \u00e9l\u00e9gante.<\/p>\n<\/div>\n<div id=\"comp-k9ppatiq1\" class=\"_1Q9if\" data-testid=\"richTextElement\">\n<p class=\"font_7\"><strong>Accord mets-vin<\/strong><\/p>\n<\/div>\n<div id=\"comp-k9ppatis\" class=\"_1Q9if\" data-testid=\"richTextElement\">\n<p class=\"font_7\">Se partage \u00e0 l&rsquo;ap\u00e9ritif, avec crustac\u00e9s, poissons et volailles de Bresse.<\/p>\n<\/div>\n<div id=\"comp-k9ppatiu\" class=\"_1KV2M\">\n<div class=\"\" data-mesh-id=\"comp-k9ppatiuinlineContent\" data-testid=\"inline-content\">\n<div data-mesh-id=\"comp-k9ppatiuinlineContent-gridContainer\" data-testid=\"mesh-container-content\">\n<div id=\"comp-k9ppativ\" class=\"_1Q9if\" data-testid=\"richTextElement\">\n<p class=\"font_7\"><strong>Sols<\/strong><\/p>\n<\/div>\n<div id=\"comp-k9ppatix\" class=\"_1Q9if\" data-testid=\"richTextElement\">\n<p class=\"font_7\">Au coeur du village de Grosl\u00e9e dans les m\u00e9andres du Rh\u00f4ne, la parcelle \u201cLes C\u00f4tes\u201d s\u2019oriente au Sud-Est. Sur le flanc de cette colline compos\u00e9e de moraine glaci\u00e8re se r\u00e9v\u00e8le un exceptionnel terroir d\u2019argile siliceuse. Comme le savaient d\u00e9j\u00e0 nos anc\u00eatres, nous r\u00e9servons cette terre au Chardonnay, o\u00f9 la finesse et la noblesse de ce c\u00e9page s\u2019expriment pleinement.<\/p>\n<\/div>\n<\/div>\n<\/div>\n<\/div>\n<div id=\"comp-k9ppatiz\" class=\"XUUsC\" title=\"\">\n<div class=\"xQ_iF\" data-testid=\"linkElement\">\n<div class=\"_2tOYG\"><\/div>\n<\/div>\n<\/div>\n<div id=\"comp-k9ppatiz\" class=\"XUUsC\" title=\"\">\n<div class=\"xQ_iF\" data-testid=\"linkElement\">\n<div class=\"_2tOYG\"><\/div>\n<\/div>\n<\/div>\n<div id=\"comp-k9ppatj31\" class=\"_1Q9if\" data-testid=\"richTextElement\">\n<p class=\"font_7\"><strong>Vinification<\/strong><\/p>\n<\/div>\n<div id=\"comp-k9ppatj5\" class=\"_1Q9if\" data-testid=\"richTextElement\">\n<p class=\"font_7\">Apr\u00e8s une s\u00e9lection rigoureuse de la vendange et des jus qu\u2019il en r\u00e9sulte apr\u00e8s un soigneux pressurage, le futur vin acqui\u00e8re sa transformation, \u00ab son immortalit\u00e9\u00a0\u00bb par la r\u00e9alisation de la fermentation alcoolique sous l\u2019influence des levures indig\u00e8nes du raisin. Son \u00e9levage se poursuit en cuve, sur lie avec batonnage, afin de lui conf\u00e9rer une note aromatique et une structure plus complexe et sublimer cette s\u00e9lection parcellaire.<\/p>\n<p class=\"font_7\">La vinification, l\u2019\u00e9levage et la mise en bouteille, sont enti\u00e8rement r\u00e9alis\u00e9s par nos soins.<\/p>\n<\/div>\n<div class=\"col-xs-6\"><\/div>\n<div class=\"detail-features-win col-sm-6 col-md-6 col-lg-6 col-xs-12\">\n<div class=\"row\"><\/div>\n<\/div>\n<p>&nbsp;<\/p>\n<\/div>\n","protected":false},"excerpt":{"rendered":"<p><strong>Bouteille 75cl<\/strong><\/p>\n<div id=\"comp-k9ppatih\" class=\"_1Q9if\" data-testid=\"richTextElement\">\n<p class=\"font_7\"><strong>C\u00e9pages<\/strong><\/p>\n<\/div>\n<div id=\"comp-k9ppatil\" class=\"_1Q9if\" data-testid=\"richTextElement\">\n<p class=\"font_7\">100% Chardonnay<\/p>\n<\/div>\n<div id=\"comp-k9ppatin\" class=\"_1Q9if\" data-testid=\"richTextElement\">\n<p class=\"font_7\"><strong>Note de d\u00e9gustation<\/strong><\/p>\n<\/div>\n<div id=\"comp-k9ppatip\" class=\"_1Q9if\" data-testid=\"richTextElement\">\n<p class=\"font_7\">Reflets Or jaune, son nez complexe d\u00e9voile des saveurs d&rsquo;agrumes, de fruits \u00e0 chair blanche et des notes min\u00e9rales discr\u00e8tes sont les pr\u00e9ludes d&rsquo;une bouche intense, longue et \u00e9l\u00e9gante.<\/p>\n<\/div>\n<div id=\"comp-k9ppatiq1\" class=\"_1Q9if\" data-testid=\"richTextElement\">\n<p class=\"font_7\"><strong>Accord mets-vin<\/strong><\/p>\n<\/div>\n<div id=\"comp-k9ppatis\" class=\"_1Q9if\" data-testid=\"richTextElement\">\n<p class=\"font_7\">Se partage \u00e0 l&rsquo;ap\u00e9ritif, avec crustac\u00e9s, poissons et volailles de Bresse.<\/p>\n<\/div>\n<div id=\"comp-k9ppatiu\" class=\"_1KV2M\">\n<div class=\"\" data-mesh-id=\"comp-k9ppatiuinlineContent\" data-testid=\"inline-content\">\n<div data-mesh-id=\"comp-k9ppatiuinlineContent-gridContainer\" data-testid=\"mesh-container-content\">\n<div id=\"comp-k9ppativ\" class=\"_1Q9if\" data-testid=\"richTextElement\">\n<p class=\"font_7\"><strong>Sols<\/strong><\/p>\n<\/div>\n<div id=\"comp-k9ppatix\" class=\"_1Q9if\" data-testid=\"richTextElement\">\n<p class=\"font_7\">Au coeur du village de Grosl\u00e9e dans les m\u00e9andres du Rh\u00f4ne, la parcelle \u201cLes C\u00f4tes\u201d s\u2019oriente au Sud-Est. Sur le flanc de cette colline compos\u00e9e de moraine glaci\u00e8re se r\u00e9v\u00e8le un exceptionnel terroir d\u2019argile siliceuse. Comme le savaient d\u00e9j\u00e0 nos anc\u00eatres, nous r\u00e9servons cette terre au Chardonnay, o\u00f9 la finesse et la noblesse de ce c\u00e9page s\u2019expriment pleinement.<\/p>\n<\/div>\n<\/div>\n<\/div>\n<\/div>\n<div id=\"comp-k9ppatj31\" class=\"_1Q9if\" data-testid=\"richTextElement\">\n<p class=\"font_7\"><strong>Vinification<\/strong><\/p>\n<\/div>\n<div id=\"comp-k9ppatj5\" class=\"_1Q9if\" data-testid=\"richTextElement\">\n<p class=\"font_7\">Apr\u00e8s une s\u00e9lection rigoureuse de la vendange et des jus qu\u2019il en r\u00e9sulte apr\u00e8s un soigneux pressurage, le futur vin acqui\u00e8re sa transformation, \u00ab son immortalit\u00e9\u00a0\u00bb par la r\u00e9alisation de la fermentation alcoolique sous l\u2019influence des levures indig\u00e8nes du raisin. Son \u00e9levage se poursuit en cuve, sur lie avec batonnage, afin de lui conf\u00e9rer une note aromatique et une structure plus complexe et sublimer cette s\u00e9lection parcellaire.<\/p>\n<p class=\"font_7\">La vinification, l\u2019\u00e9levage et la mise en bouteille, sont enti\u00e8rement r\u00e9alis\u00e9s par nos soins.<\/p>\n<\/div>\n<p>&nbsp;<\/p>\n","protected":false},"featured_media":874,"comment_status":"open","ping_status":"closed","template":"","meta":[],"product_brand":[],"product_cat":[26],"product_tag":[],"class_list":{"0":"post-873","1":"product","2":"type-product","3":"status-publish","4":"has-post-thumbnail","6":"product_cat-vin-blanc","8":"first","9":"instock","10":"shipping-taxable","11":"product-type-simple"},"yoast_head":"<!-- This site is optimized with the Yoast SEO plugin v26.2 - https:\/\/yoast.com\/wordpress\/plugins\/seo\/ -->\n<title>VINS DU BUGEY - YVES DUPORT CHARDONNAY BIO \u00ab LES COTES \u00bb BLANC AOP 2018 - Ch\u00e2teau de Montolivet<\/title>\n<meta name=\"description\" content=\"u coeur du village de Grosl\u00e9e dans les m\u00e9andres du Rh\u00f4ne, la parcelle \u201cLes C\u00f4tes\u201d s\u2019oriente au Sud-Est. Sur le flanc de cette colline compos\u00e9e de moraine glaci\u00e8re se r\u00e9v\u00e8le un exceptionnel terroir d\u2019argile siliceuse. Comme le savaient d\u00e9j\u00e0 nos anc\u00eatres, nous r\u00e9servons cette terre au Chardonnay, o\u00f9 la finesse et la noblesse de ce c\u00e9page s\u2019expriment pleinement.\" \/>\n<meta name=\"robots\" content=\"index, follow, max-snippet:-1, max-image-preview:large, max-video-preview:-1\" \/>\n<link rel=\"canonical\" href=\"https:\/\/chateaudemontolivet.com\/index.php\/produit\/vins-du-bugey-yves-duportchardonnay-bio-les-cotes-blanc-aop\/\" \/>\n<meta property=\"og:locale\" content=\"fr_FR\" \/>\n<meta property=\"og:type\" content=\"article\" \/>\n<meta property=\"og:title\" content=\"VINS DU BUGEY - YVES DUPORT CHARDONNAY BIO \u00ab LES COTES \u00bb BLANC AOP 2018 - Ch\u00e2teau de Montolivet\" \/>\n<meta property=\"og:description\" content=\"u coeur du village de Grosl\u00e9e dans les m\u00e9andres du Rh\u00f4ne, la parcelle \u201cLes C\u00f4tes\u201d s\u2019oriente au Sud-Est. Sur le flanc de cette colline compos\u00e9e de moraine glaci\u00e8re se r\u00e9v\u00e8le un exceptionnel terroir d\u2019argile siliceuse. Comme le savaient d\u00e9j\u00e0 nos anc\u00eatres, nous r\u00e9servons cette terre au Chardonnay, o\u00f9 la finesse et la noblesse de ce c\u00e9page s\u2019expriment pleinement.\" \/>\n<meta property=\"og:url\" content=\"https:\/\/chateaudemontolivet.com\/index.php\/produit\/vins-du-bugey-yves-duportchardonnay-bio-les-cotes-blanc-aop\/\" \/>\n<meta property=\"og:site_name\" content=\"Ch\u00e2teau de Montolivet\" \/>\n<meta property=\"article:modified_time\" content=\"2021-12-15T08:30:16+00:00\" \/>\n<meta property=\"og:image\" content=\"https:\/\/i0.wp.com\/chateaudemontolivet.com\/wp-content\/uploads\/2021\/10\/Capture-de\u0301cran-2021-10-06-a\u0300-10.47.39-e1633513235319.png?fit=169%2C400&ssl=1\" \/>\n\t<meta property=\"og:image:width\" content=\"169\" \/>\n\t<meta property=\"og:image:height\" content=\"400\" \/>\n\t<meta property=\"og:image:type\" content=\"image\/png\" \/>\n<meta name=\"twitter:card\" content=\"summary_large_image\" \/>\n<meta name=\"twitter:label1\" content=\"Dur\u00e9e de lecture estim\u00e9e\" \/>\n\t<meta name=\"twitter:data1\" content=\"1 minute\" \/>\n<script type=\"application\/ld+json\" class=\"yoast-schema-graph\">{\"@context\":\"https:\/\/schema.org\",\"@graph\":[{\"@type\":\"WebPage\",\"@id\":\"https:\/\/chateaudemontolivet.com\/index.php\/produit\/vins-du-bugey-yves-duportchardonnay-bio-les-cotes-blanc-aop\/\",\"url\":\"https:\/\/chateaudemontolivet.com\/index.php\/produit\/vins-du-bugey-yves-duportchardonnay-bio-les-cotes-blanc-aop\/\",\"name\":\"VINS DU BUGEY - YVES DUPORT CHARDONNAY BIO \u00ab LES COTES \u00bb BLANC AOP 2018 - Ch\u00e2teau de Montolivet\",\"isPartOf\":{\"@id\":\"https:\/\/chateaudemontolivet.com\/#website\"},\"primaryImageOfPage\":{\"@id\":\"https:\/\/chateaudemontolivet.com\/index.php\/produit\/vins-du-bugey-yves-duportchardonnay-bio-les-cotes-blanc-aop\/#primaryimage\"},\"image\":{\"@id\":\"https:\/\/chateaudemontolivet.com\/index.php\/produit\/vins-du-bugey-yves-duportchardonnay-bio-les-cotes-blanc-aop\/#primaryimage\"},\"thumbnailUrl\":\"https:\/\/i0.wp.com\/chateaudemontolivet.com\/wp-content\/uploads\/2021\/10\/Capture-de%CC%81cran-2021-10-06-a%CC%80-10.47.39-e1633513235319.png?fit=169%2C400&ssl=1\",\"datePublished\":\"2021-10-06T08:43:18+00:00\",\"dateModified\":\"2021-12-15T08:30:16+00:00\",\"description\":\"u coeur du village de Grosl\u00e9e dans les m\u00e9andres du Rh\u00f4ne, la parcelle \u201cLes C\u00f4tes\u201d s\u2019oriente au Sud-Est. Sur le flanc de cette colline compos\u00e9e de moraine glaci\u00e8re se r\u00e9v\u00e8le un exceptionnel terroir d\u2019argile siliceuse. Comme le savaient d\u00e9j\u00e0 nos anc\u00eatres, nous r\u00e9servons cette terre au Chardonnay, o\u00f9 la finesse et la noblesse de ce c\u00e9page s\u2019expriment pleinement.\",\"breadcrumb\":{\"@id\":\"https:\/\/chateaudemontolivet.com\/index.php\/produit\/vins-du-bugey-yves-duportchardonnay-bio-les-cotes-blanc-aop\/#breadcrumb\"},\"inLanguage\":\"fr-FR\",\"potentialAction\":[{\"@type\":\"ReadAction\",\"target\":[\"https:\/\/chateaudemontolivet.com\/index.php\/produit\/vins-du-bugey-yves-duportchardonnay-bio-les-cotes-blanc-aop\/\"]}]},{\"@type\":\"ImageObject\",\"inLanguage\":\"fr-FR\",\"@id\":\"https:\/\/chateaudemontolivet.com\/index.php\/produit\/vins-du-bugey-yves-duportchardonnay-bio-les-cotes-blanc-aop\/#primaryimage\",\"url\":\"https:\/\/i0.wp.com\/chateaudemontolivet.com\/wp-content\/uploads\/2021\/10\/Capture-de%CC%81cran-2021-10-06-a%CC%80-10.47.39-e1633513235319.png?fit=169%2C400&ssl=1\",\"contentUrl\":\"https:\/\/i0.wp.com\/chateaudemontolivet.com\/wp-content\/uploads\/2021\/10\/Capture-de%CC%81cran-2021-10-06-a%CC%80-10.47.39-e1633513235319.png?fit=169%2C400&ssl=1\",\"width\":169,\"height\":400},{\"@type\":\"BreadcrumbList\",\"@id\":\"https:\/\/chateaudemontolivet.com\/index.php\/produit\/vins-du-bugey-yves-duportchardonnay-bio-les-cotes-blanc-aop\/#breadcrumb\",\"itemListElement\":[{\"@type\":\"ListItem\",\"position\":1,\"name\":\"Accueil\",\"item\":\"https:\/\/chateaudemontolivet.com\/\"},{\"@type\":\"ListItem\",\"position\":2,\"name\":\"Products\",\"item\":\"https:\/\/chateaudemontolivet.com\/index.php\/nos-vins\/\"},{\"@type\":\"ListItem\",\"position\":3,\"name\":\"VINS DU BUGEY &#8211; YVES DUPORT CHARDONNAY BIO \u00ab LES COTES \u00bb BLANC AOP 2018\"}]},{\"@type\":\"WebSite\",\"@id\":\"https:\/\/chateaudemontolivet.com\/#website\",\"url\":\"https:\/\/chateaudemontolivet.com\/\",\"name\":\"Ch\u00e2teau de Montolivet\",\"description\":\"Un lieu idyllique pour l&#039;organisation de votre mariages, s\u00e9minaire d&#039;entreprise et autre \u00e9v\u00e9nement.\",\"potentialAction\":[{\"@type\":\"SearchAction\",\"target\":{\"@type\":\"EntryPoint\",\"urlTemplate\":\"https:\/\/chateaudemontolivet.com\/?s={search_term_string}\"},\"query-input\":{\"@type\":\"PropertyValueSpecification\",\"valueRequired\":true,\"valueName\":\"search_term_string\"}}],\"inLanguage\":\"fr-FR\"}]}<\/script>\n<!-- \/ Yoast SEO plugin. -->","yoast_head_json":{"title":"VINS DU BUGEY - YVES DUPORT CHARDONNAY BIO \u00ab LES COTES \u00bb BLANC AOP 2018 - Ch\u00e2teau de Montolivet","description":"u coeur du village de Grosl\u00e9e dans les m\u00e9andres du Rh\u00f4ne, la parcelle \u201cLes C\u00f4tes\u201d s\u2019oriente au Sud-Est. Sur le flanc de cette colline compos\u00e9e de moraine glaci\u00e8re se r\u00e9v\u00e8le un exceptionnel terroir d\u2019argile siliceuse. Comme le savaient d\u00e9j\u00e0 nos anc\u00eatres, nous r\u00e9servons cette terre au Chardonnay, o\u00f9 la finesse et la noblesse de ce c\u00e9page s\u2019expriment pleinement.","robots":{"index":"index","follow":"follow","max-snippet":"max-snippet:-1","max-image-preview":"max-image-preview:large","max-video-preview":"max-video-preview:-1"},"canonical":"https:\/\/chateaudemontolivet.com\/index.php\/produit\/vins-du-bugey-yves-duportchardonnay-bio-les-cotes-blanc-aop\/","og_locale":"fr_FR","og_type":"article","og_title":"VINS DU BUGEY - YVES DUPORT CHARDONNAY BIO \u00ab LES COTES \u00bb BLANC AOP 2018 - Ch\u00e2teau de Montolivet","og_description":"u coeur du village de Grosl\u00e9e dans les m\u00e9andres du Rh\u00f4ne, la parcelle \u201cLes C\u00f4tes\u201d s\u2019oriente au Sud-Est. Sur le flanc de cette colline compos\u00e9e de moraine glaci\u00e8re se r\u00e9v\u00e8le un exceptionnel terroir d\u2019argile siliceuse. Comme le savaient d\u00e9j\u00e0 nos anc\u00eatres, nous r\u00e9servons cette terre au Chardonnay, o\u00f9 la finesse et la noblesse de ce c\u00e9page s\u2019expriment pleinement.","og_url":"https:\/\/chateaudemontolivet.com\/index.php\/produit\/vins-du-bugey-yves-duportchardonnay-bio-les-cotes-blanc-aop\/","og_site_name":"Ch\u00e2teau de Montolivet","article_modified_time":"2021-12-15T08:30:16+00:00","og_image":[{"width":169,"height":400,"url":"https:\/\/i0.wp.com\/chateaudemontolivet.com\/wp-content\/uploads\/2021\/10\/Capture-de\u0301cran-2021-10-06-a\u0300-10.47.39-e1633513235319.png?fit=169%2C400&ssl=1","type":"image\/png"}],"twitter_card":"summary_large_image","twitter_misc":{"Dur\u00e9e de lecture estim\u00e9e":"1 minute"},"schema":{"@context":"https:\/\/schema.org","@graph":[{"@type":"WebPage","@id":"https:\/\/chateaudemontolivet.com\/index.php\/produit\/vins-du-bugey-yves-duportchardonnay-bio-les-cotes-blanc-aop\/","url":"https:\/\/chateaudemontolivet.com\/index.php\/produit\/vins-du-bugey-yves-duportchardonnay-bio-les-cotes-blanc-aop\/","name":"VINS DU BUGEY - YVES DUPORT CHARDONNAY BIO \u00ab LES COTES \u00bb BLANC AOP 2018 - Ch\u00e2teau de Montolivet","isPartOf":{"@id":"https:\/\/chateaudemontolivet.com\/#website"},"primaryImageOfPage":{"@id":"https:\/\/chateaudemontolivet.com\/index.php\/produit\/vins-du-bugey-yves-duportchardonnay-bio-les-cotes-blanc-aop\/#primaryimage"},"image":{"@id":"https:\/\/chateaudemontolivet.com\/index.php\/produit\/vins-du-bugey-yves-duportchardonnay-bio-les-cotes-blanc-aop\/#primaryimage"},"thumbnailUrl":"https:\/\/i0.wp.com\/chateaudemontolivet.com\/wp-content\/uploads\/2021\/10\/Capture-de%CC%81cran-2021-10-06-a%CC%80-10.47.39-e1633513235319.png?fit=169%2C400&ssl=1","datePublished":"2021-10-06T08:43:18+00:00","dateModified":"2021-12-15T08:30:16+00:00","description":"u coeur du village de Grosl\u00e9e dans les m\u00e9andres du Rh\u00f4ne, la parcelle \u201cLes C\u00f4tes\u201d s\u2019oriente au Sud-Est. Sur le flanc de cette colline compos\u00e9e de moraine glaci\u00e8re se r\u00e9v\u00e8le un exceptionnel terroir d\u2019argile siliceuse. Comme le savaient d\u00e9j\u00e0 nos anc\u00eatres, nous r\u00e9servons cette terre au Chardonnay, o\u00f9 la finesse et la noblesse de ce c\u00e9page s\u2019expriment pleinement.","breadcrumb":{"@id":"https:\/\/chateaudemontolivet.com\/index.php\/produit\/vins-du-bugey-yves-duportchardonnay-bio-les-cotes-blanc-aop\/#breadcrumb"},"inLanguage":"fr-FR","potentialAction":[{"@type":"ReadAction","target":["https:\/\/chateaudemontolivet.com\/index.php\/produit\/vins-du-bugey-yves-duportchardonnay-bio-les-cotes-blanc-aop\/"]}]},{"@type":"ImageObject","inLanguage":"fr-FR","@id":"https:\/\/chateaudemontolivet.com\/index.php\/produit\/vins-du-bugey-yves-duportchardonnay-bio-les-cotes-blanc-aop\/#primaryimage","url":"https:\/\/i0.wp.com\/chateaudemontolivet.com\/wp-content\/uploads\/2021\/10\/Capture-de%CC%81cran-2021-10-06-a%CC%80-10.47.39-e1633513235319.png?fit=169%2C400&ssl=1","contentUrl":"https:\/\/i0.wp.com\/chateaudemontolivet.com\/wp-content\/uploads\/2021\/10\/Capture-de%CC%81cran-2021-10-06-a%CC%80-10.47.39-e1633513235319.png?fit=169%2C400&ssl=1","width":169,"height":400},{"@type":"BreadcrumbList","@id":"https:\/\/chateaudemontolivet.com\/index.php\/produit\/vins-du-bugey-yves-duportchardonnay-bio-les-cotes-blanc-aop\/#breadcrumb","itemListElement":[{"@type":"ListItem","position":1,"name":"Accueil","item":"https:\/\/chateaudemontolivet.com\/"},{"@type":"ListItem","position":2,"name":"Products","item":"https:\/\/chateaudemontolivet.com\/index.php\/nos-vins\/"},{"@type":"ListItem","position":3,"name":"VINS DU BUGEY &#8211; YVES DUPORT CHARDONNAY BIO \u00ab LES COTES \u00bb BLANC AOP 2018"}]},{"@type":"WebSite","@id":"https:\/\/chateaudemontolivet.com\/#website","url":"https:\/\/chateaudemontolivet.com\/","name":"Ch\u00e2teau de Montolivet","description":"Un lieu idyllique pour l&#039;organisation de votre mariages, s\u00e9minaire d&#039;entreprise et autre \u00e9v\u00e9nement.","potentialAction":[{"@type":"SearchAction","target":{"@type":"EntryPoint","urlTemplate":"https:\/\/chateaudemontolivet.com\/?s={search_term_string}"},"query-input":{"@type":"PropertyValueSpecification","valueRequired":true,"valueName":"search_term_string"}}],"inLanguage":"fr-FR"}]}},"jetpack_sharing_enabled":true,"_links":{"self":[{"href":"https:\/\/chateaudemontolivet.com\/index.php\/wp-json\/wp\/v2\/product\/873","targetHints":{"allow":["GET"]}}],"collection":[{"href":"https:\/\/chateaudemontolivet.com\/index.php\/wp-json\/wp\/v2\/product"}],"about":[{"href":"https:\/\/chateaudemontolivet.com\/index.php\/wp-json\/wp\/v2\/types\/product"}],"replies":[{"embeddable":true,"href":"https:\/\/chateaudemontolivet.com\/index.php\/wp-json\/wp\/v2\/comments?post=873"}],"wp:featuredmedia":[{"embeddable":true,"href":"https:\/\/chateaudemontolivet.com\/index.php\/wp-json\/wp\/v2\/media\/874"}],"wp:attachment":[{"href":"https:\/\/chateaudemontolivet.com\/index.php\/wp-json\/wp\/v2\/media?parent=873"}],"wp:term":[{"taxonomy":"product_brand","embeddable":true,"href":"https:\/\/chateaudemontolivet.com\/index.php\/wp-json\/wp\/v2\/product_brand?post=873"},{"taxonomy":"product_cat","embeddable":true,"href":"https:\/\/chateaudemontolivet.com\/index.php\/wp-json\/wp\/v2\/product_cat?post=873"},{"taxonomy":"product_tag","embeddable":true,"href":"https:\/\/chateaudemontolivet.com\/index.php\/wp-json\/wp\/v2\/product_tag?post=873"}],"curies":[{"name":"wp","href":"https:\/\/api.w.org\/{rel}","templated":true}]}}